{"id":992,"date":"2024-01-09T10:58:22","date_gmt":"2024-01-09T09:58:22","guid":{"rendered":"https:\/\/www.velo-bureau.fr\/office-bikes\/velo-bureau-recharge\/"},"modified":"2024-11-04T16:36:41","modified_gmt":"2024-11-04T15:36:41","slug":"recharge","status":"publish","type":"page","link":"https:\/\/www.velo-bureau.fr\/en\/desk-bikes\/recharge\/","title":{"rendered":"Recharge"},"content":{"rendered":"","protected":false},"excerpt":{"rendered":"","protected":false},"author":1,"featured_media":0,"parent":985,"menu_order":14,"comment_status":"closed","ping_status":"closed","template":"","meta":{"_acf_changed":false,"inline_featured_image":false,"footnotes":""},"class_list":["post-992","page","type-page","status-publish","hentry"],"acf":[],"yoast_head":"<!-- This site is optimized with the Yoast SEO plugin v26.8 - https:\/\/yoast.com\/product\/yoast-seo-wordpress\/ -->\n<title>Recharge - V\u00e9lo bureau<\/title>\n<meta name=\"robots\" content=\"index, follow, max-snippet:-1, max-image-preview:large, max-video-preview:-1\" \/>\n<link rel=\"canonical\" href=\"https:\/\/www.velo-bureau.fr\/en\/desk-bikes\/recharge\/\" \/>\n<meta property=\"og:locale\" content=\"en_US\" \/>\n<meta property=\"og:type\" content=\"article\" \/>\n<meta property=\"og:title\" content=\"Recharge - V\u00e9lo bureau\" \/>\n<meta property=\"og:url\" content=\"https:\/\/www.velo-bureau.fr\/en\/desk-bikes\/recharge\/\" \/>\n<meta property=\"og:site_name\" content=\"V\u00e9lo bureau\" \/>\n<meta property=\"article:modified_time\" content=\"2024-11-04T15:36:41+00:00\" \/>\n<meta name=\"twitter:card\" content=\"summary_large_image\" \/>\n<meta name=\"twitter:label1\" content=\"Est. reading time\" \/>\n\t<meta name=\"twitter:data1\" content=\"2 minutes\" \/>\n<script type=\"application\/ld+json\" class=\"yoast-schema-graph\">{\"@context\":\"https:\/\/schema.org\",\"@graph\":[{\"@type\":\"WebPage\",\"@id\":\"https:\/\/www.velo-bureau.fr\/en\/desk-bikes\/recharge\/\",\"url\":\"https:\/\/www.velo-bureau.fr\/en\/desk-bikes\/recharge\/\",\"name\":\"Recharge - V\u00e9lo bureau\",\"isPartOf\":{\"@id\":\"https:\/\/www.velo-bureau.fr\/en\/#website\"},\"datePublished\":\"2024-01-09T09:58:22+00:00\",\"dateModified\":\"2024-11-04T15:36:41+00:00\",\"breadcrumb\":{\"@id\":\"https:\/\/www.velo-bureau.fr\/en\/desk-bikes\/recharge\/#breadcrumb\"},\"inLanguage\":\"en-US\",\"potentialAction\":[{\"@type\":\"ReadAction\",\"target\":[\"https:\/\/www.velo-bureau.fr\/en\/desk-bikes\/recharge\/\"]}]},{\"@type\":\"BreadcrumbList\",\"@id\":\"https:\/\/www.velo-bureau.fr\/en\/desk-bikes\/recharge\/#breadcrumb\",\"itemListElement\":[{\"@type\":\"ListItem\",\"position\":1,\"name\":\"Desk bikes\",\"item\":\"https:\/\/www.velo-bureau.fr\/en\/desk-bikes\/\"},{\"@type\":\"ListItem\",\"position\":2,\"name\":\"Recharge\"}]},{\"@type\":\"WebSite\",\"@id\":\"https:\/\/www.velo-bureau.fr\/en\/#website\",\"url\":\"https:\/\/www.velo-bureau.fr\/en\/\",\"name\":\"V\u00e9lo bureau\",\"description\":\"Bouger en travaillant pour am\u00e9liorer votre sant\u00e9\",\"potentialAction\":[{\"@type\":\"SearchAction\",\"target\":{\"@type\":\"EntryPoint\",\"urlTemplate\":\"https:\/\/www.velo-bureau.fr\/en\/?s={search_term_string}\"},\"query-input\":{\"@type\":\"PropertyValueSpecification\",\"valueRequired\":true,\"valueName\":\"search_term_string\"}}],\"inLanguage\":\"en-US\"}]}<\/script>\n<!-- \/ Yoast SEO plugin. -->","yoast_head_json":{"title":"Recharge - V\u00e9lo bureau","robots":{"index":"index","follow":"follow","max-snippet":"max-snippet:-1","max-image-preview":"max-image-preview:large","max-video-preview":"max-video-preview:-1"},"canonical":"https:\/\/www.velo-bureau.fr\/en\/desk-bikes\/recharge\/","og_locale":"en_US","og_type":"article","og_title":"Recharge - V\u00e9lo bureau","og_url":"https:\/\/www.velo-bureau.fr\/en\/desk-bikes\/recharge\/","og_site_name":"V\u00e9lo bureau","article_modified_time":"2024-11-04T15:36:41+00:00","twitter_card":"summary_large_image","twitter_misc":{"Est. reading time":"2 minutes"},"schema":{"@context":"https:\/\/schema.org","@graph":[{"@type":"WebPage","@id":"https:\/\/www.velo-bureau.fr\/en\/desk-bikes\/recharge\/","url":"https:\/\/www.velo-bureau.fr\/en\/desk-bikes\/recharge\/","name":"Recharge - V\u00e9lo bureau","isPartOf":{"@id":"https:\/\/www.velo-bureau.fr\/en\/#website"},"datePublished":"2024-01-09T09:58:22+00:00","dateModified":"2024-11-04T15:36:41+00:00","breadcrumb":{"@id":"https:\/\/www.velo-bureau.fr\/en\/desk-bikes\/recharge\/#breadcrumb"},"inLanguage":"en-US","potentialAction":[{"@type":"ReadAction","target":["https:\/\/www.velo-bureau.fr\/en\/desk-bikes\/recharge\/"]}]},{"@type":"BreadcrumbList","@id":"https:\/\/www.velo-bureau.fr\/en\/desk-bikes\/recharge\/#breadcrumb","itemListElement":[{"@type":"ListItem","position":1,"name":"Desk bikes","item":"https:\/\/www.velo-bureau.fr\/en\/desk-bikes\/"},{"@type":"ListItem","position":2,"name":"Recharge"}]},{"@type":"WebSite","@id":"https:\/\/www.velo-bureau.fr\/en\/#website","url":"https:\/\/www.velo-bureau.fr\/en\/","name":"V\u00e9lo bureau","description":"Bouger en travaillant pour am\u00e9liorer votre sant\u00e9","potentialAction":[{"@type":"SearchAction","target":{"@type":"EntryPoint","urlTemplate":"https:\/\/www.velo-bureau.fr\/en\/?s={search_term_string}"},"query-input":{"@type":"PropertyValueSpecification","valueRequired":true,"valueName":"search_term_string"}}],"inLanguage":"en-US"}]}},"_links":{"self":[{"href":"https:\/\/www.velo-bureau.fr\/en\/wp-json\/wp\/v2\/pages\/992","targetHints":{"allow":["GET"]}}],"collection":[{"href":"https:\/\/www.velo-bureau.fr\/en\/wp-json\/wp\/v2\/pages"}],"about":[{"href":"https:\/\/www.velo-bureau.fr\/en\/wp-json\/wp\/v2\/types\/page"}],"author":[{"embeddable":true,"href":"https:\/\/www.velo-bureau.fr\/en\/wp-json\/wp\/v2\/users\/1"}],"replies":[{"embeddable":true,"href":"https:\/\/www.velo-bureau.fr\/en\/wp-json\/wp\/v2\/comments?post=992"}],"version-history":[{"count":6,"href":"https:\/\/www.velo-bureau.fr\/en\/wp-json\/wp\/v2\/pages\/992\/revisions"}],"predecessor-version":[{"id":2084,"href":"https:\/\/www.velo-bureau.fr\/en\/wp-json\/wp\/v2\/pages\/992\/revisions\/2084"}],"up":[{"embeddable":true,"href":"https:\/\/www.velo-bureau.fr\/en\/wp-json\/wp\/v2\/pages\/985"}],"wp:attachment":[{"href":"https:\/\/www.velo-bureau.fr\/en\/wp-json\/wp\/v2\/media?parent=992"}],"curies":[{"name":"wp","href":"https:\/\/api.w.org\/{rel}","templated":true}]}}