{"id":944,"date":"2024-01-02T18:34:26","date_gmt":"2024-01-02T17:34:26","guid":{"rendered":"https:\/\/www.velo-bureau.fr\/a-propos\/"},"modified":"2024-10-18T09:52:45","modified_gmt":"2024-10-18T07:52:45","slug":"about","status":"publish","type":"page","link":"https:\/\/www.velo-bureau.fr\/en\/about\/","title":{"rendered":"About"},"content":{"rendered":"<p style=\"text-align: left;\">En tant que leader, et gr\u00e2ce \u00e0 notre expertises dans le domaines du mouvement, nous d\u00e9veloppons et fabriquons nos propres dispositifs pour un rendu ergonomique optimum. Nous distribuons \u00e9galement des produits d&#8217;autres marques partageant notre vision d&#8217;avenir pour les espaces de travail et d&#8217;\u00e9ducation. Notre mission vise \u00e0 placer le bien-\u00eatre des employ\u00e9s et l&#8217;efficacit\u00e9 des m\u00e9thodes p\u00e9dagogiques au centre des priorit\u00e9s, en vue de cr\u00e9er des environnements de travail et d&#8217;apprentissage plus performants et inclusifs.<\/p>\n<p style=\"text-align: left;\">Nos valeurs cl\u00e9s reposent sur l&#8217;innovation, l&#8217;initiative, le partage et la solidarit\u00e9, avec un engagement profond envers l&#8217;\u00e9thique. Nous aspirons \u00e0 encourager le mouvement au travail comme moyen d&#8217;am\u00e9liorer les conditions de vie, soulignant que m\u00eame les petites actions peuvent conduire \u00e0 une soci\u00e9t\u00e9 plus \u00e9quitable, saine et orient\u00e9e vers l&#8217;avenir. Lutter contre l&#8217;inactivit\u00e9, l&#8217;exclusion et l&#8217;immobilisme est au c\u0153ur de notre d\u00e9marche.<\/p>\n<p style=\"text-align: left;\">Notre motivation est de fournir des solutions tangibles \u00e0 ceux qui manquent de temps ou d&#8217;envie pour pratiquer une activit\u00e9 physique r\u00e9guli\u00e8re, et qui sont affect\u00e9s par les cons\u00e9quences de la s\u00e9dentarit\u00e9.<br \/>\nEn tant qu&#8217;initiateurs du v\u00e9lo de bureau pour le secteur scolaire, nous sommes fiers de contribuer \u00e0 r\u00e9soudre les d\u00e9fis auxquels sont confront\u00e9s les parents d&#8217;enfants atteints de TDA, DYS, TSA &#8230; en leur offrant des outils pour r\u00e9ussir \u00e9ducativement. Notre objectif \u00e9tant d&#8217;innover continuellement pour rendre l&#8217;\u00e9ducation plus inclusive pour tous.<\/p>\n","protected":false},"excerpt":{"rendered":"<p>En tant que leader, et gr\u00e2ce \u00e0 notre expertises dans le domaines du mouvement, nous d\u00e9veloppons et fabriquons nos propres dispositifs pour un rendu ergonomique optimum. Nous distribuons \u00e9galement des produits d&#8217;autres marques partageant notre vision d&#8217;avenir pour les espaces de travail et d&#8217;\u00e9ducation. Notre mission vise \u00e0 placer le bien-\u00eatre des employ\u00e9s et l&#8217;efficacit\u00e9 [&hellip;]<\/p>\n","protected":false},"author":1,"featured_media":0,"parent":0,"menu_order":3,"comment_status":"closed","ping_status":"closed","template":"","meta":{"_acf_changed":false,"inline_featured_image":false,"footnotes":""},"class_list":["post-944","page","type-page","status-publish","hentry"],"acf":[],"yoast_head":"<!-- This site is optimized with the Yoast SEO plugin v26.8 - https:\/\/yoast.com\/product\/yoast-seo-wordpress\/ -->\n<title>About - V\u00e9lo bureau<\/title>\n<meta name=\"robots\" content=\"index, follow, max-snippet:-1, max-image-preview:large, max-video-preview:-1\" \/>\n<link rel=\"canonical\" href=\"https:\/\/www.velo-bureau.fr\/en\/about\/\" \/>\n<meta property=\"og:locale\" content=\"en_US\" \/>\n<meta property=\"og:type\" content=\"article\" \/>\n<meta property=\"og:title\" content=\"About - V\u00e9lo bureau\" \/>\n<meta property=\"og:description\" content=\"En tant que leader, et gr\u00e2ce \u00e0 notre expertises dans le domaines du mouvement, nous d\u00e9veloppons et fabriquons nos propres dispositifs pour un rendu ergonomique optimum. Nous distribuons \u00e9galement des produits d&#8217;autres marques partageant notre vision d&#8217;avenir pour les espaces de travail et d&#8217;\u00e9ducation. Notre mission vise \u00e0 placer le bien-\u00eatre des employ\u00e9s et l&#8217;efficacit\u00e9 [&hellip;]\" \/>\n<meta property=\"og:url\" content=\"https:\/\/www.velo-bureau.fr\/en\/about\/\" \/>\n<meta property=\"og:site_name\" content=\"V\u00e9lo bureau\" \/>\n<meta property=\"article:modified_time\" content=\"2024-10-18T07:52:45+00:00\" \/>\n<meta name=\"twitter:card\" content=\"summary_large_image\" \/>\n<meta name=\"twitter:label1\" content=\"Est. reading time\" \/>\n\t<meta name=\"twitter:data1\" content=\"4 minutes\" \/>\n<script type=\"application\/ld+json\" class=\"yoast-schema-graph\">{\"@context\":\"https:\/\/schema.org\",\"@graph\":[{\"@type\":\"WebPage\",\"@id\":\"https:\/\/www.velo-bureau.fr\/en\/about\/\",\"url\":\"https:\/\/www.velo-bureau.fr\/en\/about\/\",\"name\":\"About - V\u00e9lo bureau\",\"isPartOf\":{\"@id\":\"https:\/\/www.velo-bureau.fr\/en\/#website\"},\"datePublished\":\"2024-01-02T17:34:26+00:00\",\"dateModified\":\"2024-10-18T07:52:45+00:00\",\"inLanguage\":\"en-US\",\"potentialAction\":[{\"@type\":\"ReadAction\",\"target\":[\"https:\/\/www.velo-bureau.fr\/en\/about\/\"]}]},{\"@type\":\"WebSite\",\"@id\":\"https:\/\/www.velo-bureau.fr\/en\/#website\",\"url\":\"https:\/\/www.velo-bureau.fr\/en\/\",\"name\":\"V\u00e9lo bureau\",\"description\":\"Bouger en travaillant pour am\u00e9liorer votre sant\u00e9\",\"potentialAction\":[{\"@type\":\"SearchAction\",\"target\":{\"@type\":\"EntryPoint\",\"urlTemplate\":\"https:\/\/www.velo-bureau.fr\/en\/?s={search_term_string}\"},\"query-input\":{\"@type\":\"PropertyValueSpecification\",\"valueRequired\":true,\"valueName\":\"search_term_string\"}}],\"inLanguage\":\"en-US\"}]}<\/script>\n<!-- \/ Yoast SEO plugin. -->","yoast_head_json":{"title":"About - V\u00e9lo bureau","robots":{"index":"index","follow":"follow","max-snippet":"max-snippet:-1","max-image-preview":"max-image-preview:large","max-video-preview":"max-video-preview:-1"},"canonical":"https:\/\/www.velo-bureau.fr\/en\/about\/","og_locale":"en_US","og_type":"article","og_title":"About - V\u00e9lo bureau","og_description":"En tant que leader, et gr\u00e2ce \u00e0 notre expertises dans le domaines du mouvement, nous d\u00e9veloppons et fabriquons nos propres dispositifs pour un rendu ergonomique optimum. Nous distribuons \u00e9galement des produits d&#8217;autres marques partageant notre vision d&#8217;avenir pour les espaces de travail et d&#8217;\u00e9ducation. Notre mission vise \u00e0 placer le bien-\u00eatre des employ\u00e9s et l&#8217;efficacit\u00e9 [&hellip;]","og_url":"https:\/\/www.velo-bureau.fr\/en\/about\/","og_site_name":"V\u00e9lo bureau","article_modified_time":"2024-10-18T07:52:45+00:00","twitter_card":"summary_large_image","twitter_misc":{"Est. reading time":"4 minutes"},"schema":{"@context":"https:\/\/schema.org","@graph":[{"@type":"WebPage","@id":"https:\/\/www.velo-bureau.fr\/en\/about\/","url":"https:\/\/www.velo-bureau.fr\/en\/about\/","name":"About - V\u00e9lo bureau","isPartOf":{"@id":"https:\/\/www.velo-bureau.fr\/en\/#website"},"datePublished":"2024-01-02T17:34:26+00:00","dateModified":"2024-10-18T07:52:45+00:00","inLanguage":"en-US","potentialAction":[{"@type":"ReadAction","target":["https:\/\/www.velo-bureau.fr\/en\/about\/"]}]},{"@type":"WebSite","@id":"https:\/\/www.velo-bureau.fr\/en\/#website","url":"https:\/\/www.velo-bureau.fr\/en\/","name":"V\u00e9lo bureau","description":"Bouger en travaillant pour am\u00e9liorer votre sant\u00e9","potentialAction":[{"@type":"SearchAction","target":{"@type":"EntryPoint","urlTemplate":"https:\/\/www.velo-bureau.fr\/en\/?s={search_term_string}"},"query-input":{"@type":"PropertyValueSpecification","valueRequired":true,"valueName":"search_term_string"}}],"inLanguage":"en-US"}]}},"_links":{"self":[{"href":"https:\/\/www.velo-bureau.fr\/en\/wp-json\/wp\/v2\/pages\/944","targetHints":{"allow":["GET"]}}],"collection":[{"href":"https:\/\/www.velo-bureau.fr\/en\/wp-json\/wp\/v2\/pages"}],"about":[{"href":"https:\/\/www.velo-bureau.fr\/en\/wp-json\/wp\/v2\/types\/page"}],"author":[{"embeddable":true,"href":"https:\/\/www.velo-bureau.fr\/en\/wp-json\/wp\/v2\/users\/1"}],"replies":[{"embeddable":true,"href":"https:\/\/www.velo-bureau.fr\/en\/wp-json\/wp\/v2\/comments?post=944"}],"version-history":[{"count":4,"href":"https:\/\/www.velo-bureau.fr\/en\/wp-json\/wp\/v2\/pages\/944\/revisions"}],"predecessor-version":[{"id":2028,"href":"https:\/\/www.velo-bureau.fr\/en\/wp-json\/wp\/v2\/pages\/944\/revisions\/2028"}],"wp:attachment":[{"href":"https:\/\/www.velo-bureau.fr\/en\/wp-json\/wp\/v2\/media?parent=944"}],"curies":[{"name":"wp","href":"https:\/\/api.w.org\/{rel}","templated":true}]}}